{"id":3297,"date":"2020-08-13T11:20:47","date_gmt":"2020-08-13T11:20:47","guid":{"rendered":"https:\/\/ajdethemes.com\/adri-data\/energy\/?page_id=7"},"modified":"2025-11-23T08:16:50","modified_gmt":"2025-11-23T08:16:50","slug":"organisationsentwicklung","status":"publish","type":"page","link":"https:\/\/changelab-organisationsberatung.de\/en\/organisationsentwicklung\/","title":{"rendered":"Organisational Development"},"content":{"rendered":"\t\t<div data-elementor-type=\"wp-page\" data-elementor-id=\"3297\" class=\"elementor elementor-3297\" data-elementor-post-type=\"page\">\n\t\t\t\t<div class=\"elementor-element elementor-element-be42b5d e-flex e-con-boxed e-con e-parent\" data-id=\"be42b5d\" data-element_type=\"container\" data-e-type=\"container\">\n\t\t\t\t\t<div class=\"e-con-inner\">\n\t\t<div class=\"elementor-element elementor-element-4a5da05 e-con-full e-flex e-con e-child\" data-id=\"4a5da05\" data-element_type=\"container\" data-e-type=\"container\">\n\t\t\t\t<div class=\"elementor-element elementor-element-1eaec84 elementor-widget elementor-widget-heading\" data-id=\"1eaec84\" data-element_type=\"widget\" data-e-type=\"widget\" data-widget_type=\"heading.default\">\n\t\t\t\t<div class=\"elementor-widget-container\">\n\t\t\t\t\t<h1 class=\"elementor-heading-title elementor-size-default\">Organisationsentwicklung<\/h1>\t\t\t\t<\/div>\n\t\t\t\t<\/div>\n\t\t\t\t<div class=\"elementor-element elementor-element-2183a12 elementor-widget elementor-widget-heading\" data-id=\"2183a12\" data-element_type=\"widget\" data-e-type=\"widget\" data-widget_type=\"heading.default\">\n\t\t\t\t<div class=\"elementor-widget-container\">\n\t\t\t\t\t<p class=\"elementor-heading-title elementor-size-default\">Organisationen Zukunftsf\u00e4hig Gestalten<\/p>\t\t\t\t<\/div>\n\t\t\t\t<\/div>\n\t\t\t\t<\/div>\n\t\t\t\t\t<\/div>\n\t\t\t\t<\/div>\n\t\t<div class=\"elementor-element elementor-element-d0a8cd8 e-flex e-con-boxed e-con e-parent\" data-id=\"d0a8cd8\" data-element_type=\"container\" data-e-type=\"container\">\n\t\t\t\t\t<div class=\"e-con-inner\">\n\t\t\t\t<div class=\"elementor-element elementor-element-9f78946 elementor-widget elementor-widget-spacer\" data-id=\"9f78946\" data-element_type=\"widget\" data-e-type=\"widget\" data-widget_type=\"spacer.default\">\n\t\t\t\t<div class=\"elementor-widget-container\">\n\t\t\t\t\t\t\t<div class=\"elementor-spacer\">\n\t\t\t<div class=\"elementor-spacer-inner\"><\/div>\n\t\t<\/div>\n\t\t\t\t\t\t<\/div>\n\t\t\t\t<\/div>\n\t\t\t\t\t<\/div>\n\t\t\t\t<\/div>\n\t\t<div class=\"elementor-element elementor-element-81c1e6d e-flex e-con-boxed e-con e-parent\" data-id=\"81c1e6d\" data-element_type=\"container\" data-e-type=\"container\">\n\t\t\t\t\t<div class=\"e-con-inner\">\n\t\t\t\t<div class=\"elementor-element elementor-element-ee2e206 elementor-widget elementor-widget-spacer\" data-id=\"ee2e206\" data-element_type=\"widget\" data-e-type=\"widget\" data-widget_type=\"spacer.default\">\n\t\t\t\t<div class=\"elementor-widget-container\">\n\t\t\t\t\t\t\t<div class=\"elementor-spacer\">\n\t\t\t<div class=\"elementor-spacer-inner\"><\/div>\n\t\t<\/div>\n\t\t\t\t\t\t<\/div>\n\t\t\t\t<\/div>\n\t\t\t\t\t<\/div>\n\t\t\t\t<\/div>\n\t\t<div class=\"elementor-element elementor-element-9f37aca e-flex e-con-boxed e-con e-parent\" data-id=\"9f37aca\" data-element_type=\"container\" data-e-type=\"container\">\n\t\t\t\t\t<div class=\"e-con-inner\">\n\t\t<div class=\"elementor-element elementor-element-f4b4efa e-con-full e-flex e-con e-child\" data-id=\"f4b4efa\" data-element_type=\"container\" data-e-type=\"container\">\n\t\t\t\t<div class=\"elementor-element elementor-element-c748a09 elementor-widget elementor-widget-text-editor\" data-id=\"c748a09\" data-element_type=\"widget\" data-e-type=\"widget\" data-widget_type=\"text-editor.default\">\n\t\t\t\t<div class=\"elementor-widget-container\">\n\t\t\t\t\t\t\t\t\t<p data-start=\"289\" data-end=\"677\">Organisationen zukunftsf\u00e4hig zu gestalten bedeutet, Strukturen Kutur und F\u00fchrung mit strategischer Weitsicht aufeinander abzustimmen. In unserer <strong data-start=\"445\" data-end=\"483\">systemischen Organisationsberatung<\/strong> unterst\u00fctzen wir Sie dabei, Ver\u00e4nderungsprozesse erfolgreich umzusetzen und Ver\u00e4nderungen nachhaltig in Ihrer Organisation zu verankern \u2013 ohne dabei das Funktionale im Bestehenden aus den Augen zu verlieren.<\/p><p data-start=\"679\" data-end=\"946\">Mit einem stimmigen Zusammenspiel von Strategie, Struktur und F\u00fchrung steigern Sie die Leistungsf\u00e4higkeit, Motivation und Innovationskraft Ihrer Organisation \u2013 und schaffen die Grundlage f\u00fcr eine gesunde Weiterentwicklung und nachhaltigen Erfolg.<\/p>\t\t\t\t\t\t\t\t<\/div>\n\t\t\t\t<\/div>\n\t\t\t\t<\/div>\n\t\t<div class=\"elementor-element elementor-element-a449337 e-con-full e-flex e-con e-child\" data-id=\"a449337\" data-element_type=\"container\" data-e-type=\"container\">\n\t\t\t\t<div class=\"elementor-element elementor-element-d491d95 elementor-widget elementor-widget-image\" data-id=\"d491d95\" data-element_type=\"widget\" data-e-type=\"widget\" data-widget_type=\"image.default\">\n\t\t\t\t<div class=\"elementor-widget-container\">\n\t\t\t\t\t\t\t\t\t\t\t\t\t\t\t<img fetchpriority=\"high\" decoding=\"async\" width=\"800\" height=\"496\" src=\"https:\/\/changelab-organisationsberatung.de\/wp-content\/uploads\/2025\/11\/Organisationsentwicklung-1024x635.png\" class=\"attachment-large size-large wp-image-19706\" alt=\"Change Management\" srcset=\"https:\/\/changelab-organisationsberatung.de\/wp-content\/uploads\/2025\/11\/Organisationsentwicklung-1024x635.png 1024w, https:\/\/changelab-organisationsberatung.de\/wp-content\/uploads\/2025\/11\/Organisationsentwicklung-300x186.png 300w, https:\/\/changelab-organisationsberatung.de\/wp-content\/uploads\/2025\/11\/Organisationsentwicklung-768x476.png 768w, https:\/\/changelab-organisationsberatung.de\/wp-content\/uploads\/2025\/11\/Organisationsentwicklung-18x12.png 18w, https:\/\/changelab-organisationsberatung.de\/wp-content\/uploads\/2025\/11\/Organisationsentwicklung.png 1090w\" sizes=\"(max-width: 800px) 100vw, 800px\" \/>\t\t\t\t\t\t\t\t\t\t\t\t\t\t\t<\/div>\n\t\t\t\t<\/div>\n\t\t\t\t<\/div>\n\t\t\t\t\t<\/div>\n\t\t\t\t<\/div>\n\t\t<div class=\"elementor-element elementor-element-20088ef e-flex e-con-boxed e-con e-parent\" data-id=\"20088ef\" data-element_type=\"container\" data-e-type=\"container\">\n\t\t\t\t\t<div class=\"e-con-inner\">\n\t\t\t\t<div class=\"elementor-element elementor-element-7080153 elementor-widget elementor-widget-heading\" data-id=\"7080153\" data-element_type=\"widget\" data-e-type=\"widget\" data-widget_type=\"heading.default\">\n\t\t\t\t<div class=\"elementor-widget-container\">\n\t\t\t\t\t<h2 class=\"elementor-heading-title elementor-size-default\">Organisationale Transformation Systemisch Gestalten<\/h2>\t\t\t\t<\/div>\n\t\t\t\t<\/div>\n\t\t\t\t<div class=\"elementor-element elementor-element-a21ead6 elementor-widget elementor-widget-heading\" data-id=\"a21ead6\" data-element_type=\"widget\" data-e-type=\"widget\" data-widget_type=\"heading.default\">\n\t\t\t\t<div class=\"elementor-widget-container\">\n\t\t\t\t\t<h3 class=\"elementor-heading-title elementor-size-default\">Zukunftsf\u00e4higkeit braucht Ver\u00e4nderungsintelligenz<\/h3>\t\t\t\t<\/div>\n\t\t\t\t<\/div>\n\t\t<div class=\"elementor-element elementor-element-d808e3c e-con-full e-flex e-con e-child\" data-id=\"d808e3c\" data-element_type=\"container\" data-e-type=\"container\">\n\t\t<div class=\"elementor-element elementor-element-03c928e e-con-full e-flex e-con e-child\" data-id=\"03c928e\" data-element_type=\"container\" data-e-type=\"container\">\n\t\t\t\t<div class=\"elementor-element elementor-element-29e87f6 elementor-widget__width-initial elementor-widget elementor-widget-image\" data-id=\"29e87f6\" data-element_type=\"widget\" data-e-type=\"widget\" data-widget_type=\"image.default\">\n\t\t\t\t<div class=\"elementor-widget-container\">\n\t\t\t\t\t\t\t\t\t\t\t\t\t\t\t<img decoding=\"async\" width=\"800\" height=\"506\" src=\"https:\/\/changelab-organisationsberatung.de\/wp-content\/uploads\/2025\/11\/Systemische_Kontextanalyse.png\" class=\"attachment-large size-large wp-image-20247\" alt=\"Grafik zur systemischen Kontextanalyse im Rahmen der Organisationsentwicklung\" srcset=\"https:\/\/changelab-organisationsberatung.de\/wp-content\/uploads\/2025\/11\/Systemische_Kontextanalyse.png 991w, https:\/\/changelab-organisationsberatung.de\/wp-content\/uploads\/2025\/11\/Systemische_Kontextanalyse-300x190.png 300w, https:\/\/changelab-organisationsberatung.de\/wp-content\/uploads\/2025\/11\/Systemische_Kontextanalyse-768x486.png 768w, https:\/\/changelab-organisationsberatung.de\/wp-content\/uploads\/2025\/11\/Systemische_Kontextanalyse-18x12.png 18w\" sizes=\"(max-width: 800px) 100vw, 800px\" \/>\t\t\t\t\t\t\t\t\t\t\t\t\t\t\t<\/div>\n\t\t\t\t<\/div>\n\t\t\t\t<div class=\"elementor-element elementor-element-e689a22 elementor-widget elementor-widget-text-editor\" data-id=\"e689a22\" data-element_type=\"widget\" data-e-type=\"widget\" data-widget_type=\"text-editor.default\">\n\t\t\t\t<div class=\"elementor-widget-container\">\n\t\t\t\t\t\t\t\t\t<p>@ ChangeLab Organisationsberatung<\/p>\t\t\t\t\t\t\t\t<\/div>\n\t\t\t\t<\/div>\n\t\t\t\t<\/div>\n\t\t<div class=\"elementor-element elementor-element-f679c44 e-con-full e-flex e-con e-child\" data-id=\"f679c44\" data-element_type=\"container\" data-e-type=\"container\">\n\t\t\t\t<div class=\"elementor-element elementor-element-3b5f6b8 elementor-widget elementor-widget-heading\" data-id=\"3b5f6b8\" data-element_type=\"widget\" data-e-type=\"widget\" data-widget_type=\"heading.default\">\n\t\t\t\t<div class=\"elementor-widget-container\">\n\t\t\t\t\t<h3 class=\"elementor-heading-title elementor-size-default\">Professionelle Prozessarchitektur<\/h3>\t\t\t\t<\/div>\n\t\t\t\t<\/div>\n\t\t\t\t<div class=\"elementor-element elementor-element-5f0240b elementor-widget elementor-widget-text-editor\" data-id=\"5f0240b\" data-element_type=\"widget\" data-e-type=\"widget\" data-widget_type=\"text-editor.default\">\n\t\t\t\t<div class=\"elementor-widget-container\">\n\t\t\t\t\t\t\t\t\t<p data-start=\"302\" data-end=\"725\">Organisationen sind komplexe soziale Systeme. Nachhaltige Ver\u00e4nderung entsteht deshalb nur, wenn die zugrunde liegende Systemlogik verstanden und ber\u00fccksichtigt wird. In unserer Beratung analysieren wir Ihre Ver\u00e4nderungsanliegen nie isoliert, sondern betrachten sie im Zusammenspiel zentraler Kontextfaktoren \u2013 von Strukturen und Entscheidungswegen \u00fcber F\u00fchrungspraktiken bis hin zu Rollenbildern und informellen Dynamiken. Mit unserer systemtheoretischen und organisationssoziologischen Expertise identifizieren wir relevante Muster, Wechselwirkungen und blinde Flecken, die Ver\u00e4nderungsprozesse ma\u00dfgeblich beeinflussen.<\/p>\t\t\t\t\t\t\t\t<\/div>\n\t\t\t\t<\/div>\n\t\t\t\t<div class=\"elementor-element elementor-element-d723ff1 elementor-widget elementor-widget-n-accordion\" data-id=\"d723ff1\" data-element_type=\"widget\" data-e-type=\"widget\" data-settings=\"{&quot;default_state&quot;:&quot;all_collapsed&quot;,&quot;max_items_expended&quot;:&quot;one&quot;,&quot;n_accordion_animation_duration&quot;:{&quot;unit&quot;:&quot;ms&quot;,&quot;size&quot;:400,&quot;sizes&quot;:[]}}\" data-widget_type=\"nested-accordion.default\">\n\t\t\t\t<div class=\"elementor-widget-container\">\n\t\t\t\t\t\t\t<div class=\"e-n-accordion\" aria-label=\"Accordion. Open links with Enter or Space, close with Escape, and navigate with Arrow Keys\">\n\t\t\t\t\t\t<details id=\"e-n-accordion-item-2250\" class=\"e-n-accordion-item\" >\n\t\t\t\t<summary class=\"e-n-accordion-item-title\" data-accordion-index=\"1\" tabindex=\"0\" aria-expanded=\"false\" aria-controls=\"e-n-accordion-item-2250\" >\n\t\t\t\t\t<span class='e-n-accordion-item-title-header'><h3 class=\"e-n-accordion-item-title-text\"> Beteiligungsformate und Dialogr\u00e4ume <\/h3><\/span>\n\t\t\t\t\t\t\t<span class='e-n-accordion-item-title-icon'>\n\t\t\t<span class='e-opened' ><i aria-hidden=\"true\" class=\"fas fa-minus\"><\/i><\/span>\n\t\t\t<span class='e-closed'><i aria-hidden=\"true\" class=\"fas fa-plus\"><\/i><\/span>\n\t\t<\/span>\n\n\t\t\t\t\t\t<\/summary>\n\t\t\t\t<div role=\"region\" aria-labelledby=\"e-n-accordion-item-2250\" class=\"elementor-element elementor-element-647ccd8 e-con-full e-flex e-con e-child\" data-id=\"647ccd8\" data-element_type=\"container\" data-e-type=\"container\">\n\t\t\t\t<div class=\"elementor-element elementor-element-56cfebb elementor-widget elementor-widget-text-editor\" data-id=\"56cfebb\" data-element_type=\"widget\" data-e-type=\"widget\" data-widget_type=\"text-editor.default\">\n\t\t\t\t<div class=\"elementor-widget-container\">\n\t\t\t\t\t\t\t\t\t<p>Ebenso entscheidend f\u00fcr erfolgreiche Organisationsentwicklung ist die bewusste Gestaltung der psychosozialen Dynamik von Ver\u00e4nderungsprozessen. Ver\u00e4nderungen gelingen nur dann nachhaltig, wenn Mitarbeitende nicht nur informiert, sondern aktiv beteiligt werden. Professionelle Prozessbegleitung bedeutet f\u00fcr uns deshalb, <strong data-start=\"1008\" data-end=\"1047\">Betroffene zu Beteiligten zu machen<\/strong> \u2013 durch transparente Entscheidungsprozesse, strukturierte Dialogr\u00e4ume und integrative Beteiligungsformate.<\/p><p>Unsere Kund:innen bringen wertvolle operative und strategische Expertise in den Organisationsentwicklungsprozess ein. Wir sehen diese Perspektivenvielfalt als zentrale Ressource, um fundierte und passgenaue Ma\u00dfnahmen zu entwickeln, die exakt auf die spezifische Logik Ihrer Organisation abgestimmt sind.<\/p><p data-start=\"688\" data-end=\"1148\">In unseren Beratungsprozessen arbeiten wir konsequent <strong data-start=\"1204\" data-end=\"1257\">partizipativ, integrativ und ressourcenorientiert<\/strong>. So erh\u00f6hen wir die Akzeptanz f\u00fcr Ver\u00e4nderung, f\u00f6rdern die gemeinsame Verantwortungs\u00fcbernahme, und schaffen die Grundlage f\u00fcr eine resiliente und zukunftsf\u00e4hige Organisationskultur.<\/p>\t\t\t\t\t\t\t\t<\/div>\n\t\t\t\t<\/div>\n\t\t\t\t<\/div>\n\t\t\t\t\t<\/details>\n\t\t\t\t\t\t<details id=\"e-n-accordion-item-2251\" class=\"e-n-accordion-item\" >\n\t\t\t\t<summary class=\"e-n-accordion-item-title\" data-accordion-index=\"2\" tabindex=\"-1\" aria-expanded=\"false\" aria-controls=\"e-n-accordion-item-2251\" >\n\t\t\t\t\t<span class='e-n-accordion-item-title-header'><h3 class=\"e-n-accordion-item-title-text\">  Stringente Umsetzungsflexibilit\u00e4t <\/h3><\/span>\n\t\t\t\t\t\t\t<span class='e-n-accordion-item-title-icon'>\n\t\t\t<span class='e-opened' ><i aria-hidden=\"true\" class=\"fas fa-minus\"><\/i><\/span>\n\t\t\t<span class='e-closed'><i aria-hidden=\"true\" class=\"fas fa-plus\"><\/i><\/span>\n\t\t<\/span>\n\n\t\t\t\t\t\t<\/summary>\n\t\t\t\t<div role=\"region\" aria-labelledby=\"e-n-accordion-item-2251\" class=\"elementor-element elementor-element-9cb2e21 e-con-full e-flex e-con e-child\" data-id=\"9cb2e21\" data-element_type=\"container\" data-e-type=\"container\">\n\t\t\t\t<div class=\"elementor-element elementor-element-aef28d3 elementor-widget elementor-widget-text-editor\" data-id=\"aef28d3\" data-element_type=\"widget\" data-e-type=\"widget\" data-widget_type=\"text-editor.default\">\n\t\t\t\t<div class=\"elementor-widget-container\">\n\t\t\t\t\t\t\t\t\t<p>In Ver\u00e4nderungsprozessen gibt es keine einfachen Wenn-Dann Regeln. Erfolgreiche Ver\u00e4nderungsprozesse leben daher von einem ausgewogenen Verh\u00e4ltnis zwischen Stringenz und Anpassungsf\u00e4higkeit. Deshalb setzen wir uns mit viel konstruktiver Energie und wenn n\u00f6tig auch mit einer Prise Beharrlichkeit daf\u00fcr ein, dass die vereinbarten Ma\u00dfnahmen konsequent umgesetzt und regelm\u00e4\u00dfig evaluiert werden. Denn erfolgreich neue Wege zu gehen, bedeutet immer auch, gemeinsame Lernprozesse anzusto\u00dfen und gegebenenfalls wichtige Anpassungen vorzunehmen. Deshalb ist rigorose Anpassungsf\u00e4higkeit ein zentraler Bestandteil unseres Beratungsansatzes in der systemischen Organisationsentwicklung \u2013 denn wirksamer Wandel braucht sowohl Orientierung als auch Entdeckergeist. F\u00fcr unsere Kund:innen bedeutet das Change-Ma\u00dfnahmen, die robust, nachhaltig und pr\u00e4zise auf ihre sich ver\u00e4ndernden Anforderungen abgestimmt sind.<\/p>\t\t\t\t\t\t\t\t<\/div>\n\t\t\t\t<\/div>\n\t\t\t\t<\/div>\n\t\t\t\t\t<\/details>\n\t\t\t\t\t<\/div>\n\t\t\t\t\t\t<\/div>\n\t\t\t\t<\/div>\n\t\t\t\t<\/div>\n\t\t\t\t<\/div>\n\t\t\t\t\t<\/div>\n\t\t\t\t<\/div>\n\t\t<div class=\"elementor-element elementor-element-775b6a7 e-con-full e-flex e-con e-parent\" data-id=\"775b6a7\" data-element_type=\"container\" data-e-type=\"container\" data-settings=\"{&quot;background_background&quot;:&quot;classic&quot;}\">\n\t\t<div class=\"elementor-element elementor-element-706de6e e-con-full e-flex e-con e-child\" data-id=\"706de6e\" data-element_type=\"container\" data-e-type=\"container\">\n\t\t<div class=\"elementor-element elementor-element-d9937bc e-con-full e-flex e-con e-child\" data-id=\"d9937bc\" data-element_type=\"container\" data-e-type=\"container\" data-settings=\"{&quot;background_background&quot;:&quot;slideshow&quot;,&quot;background_slideshow_gallery&quot;:[{&quot;id&quot;:6625,&quot;url&quot;:&quot;https:\\\/\\\/changelab-organisationsberatung.de\\\/wp-content\\\/uploads\\\/2022\\\/01\\\/Organisationsentwicklung_blau-scaled.jpg&quot;},{&quot;id&quot;:7490,&quot;url&quot;:&quot;https:\\\/\\\/changelab-organisationsberatung.de\\\/wp-content\\\/uploads\\\/2022\\\/02\\\/Organisationsentwicklung_blau.png&quot;},{&quot;id&quot;:7491,&quot;url&quot;:&quot;https:\\\/\\\/changelab-organisationsberatung.de\\\/wp-content\\\/uploads\\\/2022\\\/02\\\/Organisationsentwicklung_blau.jpg&quot;}],&quot;background_slideshow_slide_duration&quot;:100,&quot;background_slideshow_transition_duration&quot;:3000,&quot;background_slideshow_loop&quot;:&quot;yes&quot;,&quot;background_slideshow_slide_transition&quot;:&quot;fade&quot;}\">\n\t\t\t\t<\/div>\n\t\t<div class=\"elementor-element elementor-element-c55076f e-con-full e-flex e-con e-child\" data-id=\"c55076f\" data-element_type=\"container\" data-e-type=\"container\">\n\t\t\t\t<div class=\"elementor-element elementor-element-35d8de2 elementor-widget elementor-widget-text-editor\" data-id=\"35d8de2\" data-element_type=\"widget\" data-e-type=\"widget\" data-widget_type=\"text-editor.default\">\n\t\t\t\t<div class=\"elementor-widget-container\">\n\t\t\t\t\t\t\t\t\t<h2><strong>Agile Praktiken und Strukturen<\/strong><\/h2>\t\t\t\t\t\t\t\t<\/div>\n\t\t\t\t<\/div>\n\t\t\t\t<div class=\"elementor-element elementor-element-d19903b elementor-widget elementor-widget-text-editor\" data-id=\"d19903b\" data-element_type=\"widget\" data-e-type=\"widget\" data-widget_type=\"text-editor.default\">\n\t\t\t\t<div class=\"elementor-widget-container\">\n\t\t\t\t\t\t\t\t\t<p>In einem dynamischen Marktumfeld brauchen Sie Teams, die eigenverantwortlich Herausforderungen begegnen und innovative L\u00f6sungen entwickeln. Mit den richtigen agilen Praktiken, steigern Sie die <span id=\"wpaicg-chat-message-43671\" class=\"wpaicg-chat-message\">Selbstorganisationsf\u00e4higkeit und Flexibilit\u00e4t Ihrer Teams. <\/span>Mindestens genauso wichtig wie die richtigen Praktiken ist, die Haltung, mit der diese Praktiken angewendet werden. Wir unterst\u00fctzen Sie dabei agile Prinzipien in Ihrer Unternehmenskultur zu verankern und so die L\u00f6sungsorientierung und Anpassungsf\u00e4higkeit Ihrer gesamten Organisation zu st\u00e4rken.<\/p>\t\t\t\t\t\t\t\t<\/div>\n\t\t\t\t<\/div>\n\t\t\t\t<\/div>\n\t\t\t\t<\/div>\n\t\t\t\t<\/div>\n\t\t<div class=\"elementor-element elementor-element-dce505f e-flex e-con-boxed e-con e-parent\" data-id=\"dce505f\" data-element_type=\"container\" data-e-type=\"container\">\n\t\t\t\t\t<div class=\"e-con-inner\">\n\t\t<div class=\"elementor-element elementor-element-25cdfc8 e-con-full e-flex e-con e-child\" data-id=\"25cdfc8\" data-element_type=\"container\" data-e-type=\"container\">\n\t\t\t\t<div class=\"elementor-element elementor-element-060dbdb elementor-widget elementor-widget-heading\" data-id=\"060dbdb\" data-element_type=\"widget\" data-e-type=\"widget\" data-widget_type=\"heading.default\">\n\t\t\t\t<div class=\"elementor-widget-container\">\n\t\t\t\t\t<h2 class=\"elementor-heading-title elementor-size-default\">F\u00fchrungskultur entwickeln<\/h2>\t\t\t\t<\/div>\n\t\t\t\t<\/div>\n\t\t\t\t<div class=\"elementor-element elementor-element-ab6e58c elementor-widget elementor-widget-text-editor\" data-id=\"ab6e58c\" data-element_type=\"widget\" data-e-type=\"widget\" data-widget_type=\"text-editor.default\">\n\t\t\t\t<div class=\"elementor-widget-container\">\n\t\t\t\t\t\t\t\t\t<p><span style=\"font-family: Tahoma, sans-serif; font-size: 18px;\">Es gibt kaum einen Bereich des Miteinanders, der von der F\u00fchrungskultur einer Firma unber\u00fchrt bliebt. Die F\u00fchrungskultur Ihrer Firma entwickeln, bedeutet also die Strahlkraft einer konstruktiven F\u00fchrungskultur zu nutzen, um das volle Potenzial Ihrer Firma zu entfalten.<\/span><\/p><p>Der Versuch eine F\u00fchrungskultur per Dekret zu ver\u00e4ndern ist aber von vorhinein zum Scheitern verurteilt. Wie kann es also gelingen die F\u00fchrungskultur Ihrer Firma zu entwickeln?<\/p>\t\t\t\t\t\t\t\t<\/div>\n\t\t\t\t<\/div>\n\t\t\t\t<div class=\"elementor-element elementor-element-c61fb39 elementor-widget elementor-widget-n-accordion\" data-id=\"c61fb39\" data-element_type=\"widget\" data-e-type=\"widget\" data-settings=\"{&quot;default_state&quot;:&quot;all_collapsed&quot;,&quot;max_items_expended&quot;:&quot;one&quot;,&quot;n_accordion_animation_duration&quot;:{&quot;unit&quot;:&quot;ms&quot;,&quot;size&quot;:400,&quot;sizes&quot;:[]}}\" data-widget_type=\"nested-accordion.default\">\n\t\t\t\t<div class=\"elementor-widget-container\">\n\t\t\t\t\t\t\t<div class=\"e-n-accordion\" aria-label=\"Accordion. Open links with Enter or Space, close with Escape, and navigate with Arrow Keys\">\n\t\t\t\t\t\t<details id=\"e-n-accordion-item-2070\" class=\"e-n-accordion-item\" >\n\t\t\t\t<summary class=\"e-n-accordion-item-title\" data-accordion-index=\"1\" tabindex=\"0\" aria-expanded=\"false\" aria-controls=\"e-n-accordion-item-2070\" >\n\t\t\t\t\t<span class='e-n-accordion-item-title-header'><h3 class=\"e-n-accordion-item-title-text\"> Leitbild und Praktiken synchronisieren <\/h3><\/span>\n\t\t\t\t\t\t\t<span class='e-n-accordion-item-title-icon'>\n\t\t\t<span class='e-opened' ><i aria-hidden=\"true\" class=\"fas fa-minus\"><\/i><\/span>\n\t\t\t<span class='e-closed'><i aria-hidden=\"true\" class=\"fas fa-plus\"><\/i><\/span>\n\t\t<\/span>\n\n\t\t\t\t\t\t<\/summary>\n\t\t\t\t<div role=\"region\" aria-labelledby=\"e-n-accordion-item-2070\" class=\"elementor-element elementor-element-55eecd2 e-con-full e-flex e-con e-child\" data-id=\"55eecd2\" data-element_type=\"container\" data-e-type=\"container\">\n\t\t\t\t<div class=\"elementor-element elementor-element-8894ebc elementor-widget elementor-widget-text-editor\" data-id=\"8894ebc\" data-element_type=\"widget\" data-e-type=\"widget\" data-widget_type=\"text-editor.default\">\n\t\t\t\t<div class=\"elementor-widget-container\">\n\t\t\t\t\t\t\t\t\t<p>Voraussetzung f\u00fcr einen erfolgreichen Ver\u00e4nderungsprozess ist ein attraktives F\u00fchrungsleitbild.\u00a0 Auf sich allein gestellt, l\u00e4uft ein F\u00fchrungsleitbild allerdings schnell Gefahr, zu einem blo\u00dfen Lippenbekenntnis zu verkommen. Um eine nachhaltige Ver\u00e4nderung zu erm\u00f6glichen, braucht es also zudem F\u00fchrungspraktiken, die gut auf das neue Leitbild abgestimmt sind. Beides muss im Einklang gebracht werden. Ein entscheidender Aspekt einer erfolgreichen F\u00fchrungskulturentwicklung ist daher die Synchronisierung von F\u00fchrungsleitbild und F\u00fchrungspraktiken.<\/p>\t\t\t\t\t\t\t\t<\/div>\n\t\t\t\t<\/div>\n\t\t\t\t<\/div>\n\t\t\t\t\t<\/details>\n\t\t\t\t\t\t<details id=\"e-n-accordion-item-2071\" class=\"e-n-accordion-item\" >\n\t\t\t\t<summary class=\"e-n-accordion-item-title\" data-accordion-index=\"2\" tabindex=\"-1\" aria-expanded=\"false\" aria-controls=\"e-n-accordion-item-2071\" >\n\t\t\t\t\t<span class='e-n-accordion-item-title-header'><h3 class=\"e-n-accordion-item-title-text\"> Bef\u00e4higung im Prozess integrieren <\/h3><\/span>\n\t\t\t\t\t\t\t<span class='e-n-accordion-item-title-icon'>\n\t\t\t<span class='e-opened' ><i aria-hidden=\"true\" class=\"fas fa-minus\"><\/i><\/span>\n\t\t\t<span class='e-closed'><i aria-hidden=\"true\" class=\"fas fa-plus\"><\/i><\/span>\n\t\t<\/span>\n\n\t\t\t\t\t\t<\/summary>\n\t\t\t\t<div role=\"region\" aria-labelledby=\"e-n-accordion-item-2071\" class=\"elementor-element elementor-element-c7a8ff5 e-con-full e-flex e-con e-child\" data-id=\"c7a8ff5\" data-element_type=\"container\" data-e-type=\"container\">\n\t\t\t\t<div class=\"elementor-element elementor-element-a1f698a elementor-widget elementor-widget-text-editor\" data-id=\"a1f698a\" data-element_type=\"widget\" data-e-type=\"widget\" data-widget_type=\"text-editor.default\">\n\t\t\t\t<div class=\"elementor-widget-container\">\n\t\t\t\t\t\t\t\t\t<p>Damit ein guter Anfang gemacht. Entscheidend ist aber auch den n\u00e4chsten Schritt zu gehen. Jede tiefgreifende Ver\u00e4nderung erzeugt n\u00e4mlich zwangsl\u00e4ufig eine L\u00fccke zwischen Wollen und K\u00f6nnen. Um diese L\u00fccke wirksam zu schlie\u00dfen, ist eine professionelle Bef\u00e4higung von F\u00fchrungskr\u00e4ften unverzichtbar.<\/p><p data-start=\"570\" data-end=\"916\">Wir verstehen F\u00fchrungskr\u00e4fteentwicklung daher als integralen Bestandteil eines erfolgreichen F\u00fchrungskulturentwicklungsprozesses. Durch gezielte Qualifizierungsma\u00dfnahmen, praxisnahe Lernformate und kontinuierliche Begleitung unterst\u00fctzen wir Ihre F\u00fchrungskr\u00e4fte dabei, neue Haltungen, Kompetenzen und Verhaltensweisen nachhaltig zu verankern.<\/p><p data-start=\"918\" data-end=\"1240\">Ebenso wichtig sind systematisch gestaltete Reflexionsr\u00e4ume, in denen Ziele, Fortschritte und Entwicklungspfade regelm\u00e4\u00dfig \u00fcberpr\u00fcft werden. So entsteht eine lernorientierte und zukunftsf\u00e4hige F\u00fchrungskultur, die sich klar an den Werten, strategischen Zielen und operativen Anforderungen Ihrer Organisation orientiert.<\/p>\t\t\t\t\t\t\t\t<\/div>\n\t\t\t\t<\/div>\n\t\t\t\t<\/div>\n\t\t\t\t\t<\/details>\n\t\t\t\t\t<\/div>\n\t\t\t\t\t\t<\/div>\n\t\t\t\t<\/div>\n\t\t\t\t<\/div>\n\t\t<div class=\"elementor-element elementor-element-9663ab7 e-con-full e-flex e-con e-child\" data-id=\"9663ab7\" data-element_type=\"container\" data-e-type=\"container\">\n\t\t\t\t<div class=\"elementor-element elementor-element-b5ac0e1 elementor-widget elementor-widget-image\" data-id=\"b5ac0e1\" data-element_type=\"widget\" data-e-type=\"widget\" data-widget_type=\"image.default\">\n\t\t\t\t<div class=\"elementor-widget-container\">\n\t\t\t\t\t\t\t\t\t\t\t\t\t\t\t<img decoding=\"async\" width=\"768\" height=\"701\" src=\"https:\/\/changelab-organisationsberatung.de\/wp-content\/uploads\/2025\/03\/Fuehrungskultur-768x701.jpg\" class=\"attachment-medium_large size-medium_large wp-image-14708\" alt=\"Konstruktive F\u00fchrungskultur entwickeln\" srcset=\"https:\/\/changelab-organisationsberatung.de\/wp-content\/uploads\/2025\/03\/Fuehrungskultur-768x701.jpg 768w, https:\/\/changelab-organisationsberatung.de\/wp-content\/uploads\/2025\/03\/Fuehrungskultur-300x274.jpg 300w, https:\/\/changelab-organisationsberatung.de\/wp-content\/uploads\/2025\/03\/Fuehrungskultur-13x12.jpg 13w, https:\/\/changelab-organisationsberatung.de\/wp-content\/uploads\/2025\/03\/Fuehrungskultur.jpg 967w\" sizes=\"(max-width: 768px) 100vw, 768px\" \/>\t\t\t\t\t\t\t\t\t\t\t\t\t\t\t<\/div>\n\t\t\t\t<\/div>\n\t\t\t\t<\/div>\n\t\t\t\t\t<\/div>\n\t\t\t\t<\/div>\n\t\t<div class=\"elementor-element elementor-element-f63fd68 elementor-hidden-mobile e-flex e-con-boxed e-con e-parent\" data-id=\"f63fd68\" data-element_type=\"container\" data-e-type=\"container\" data-settings=\"{&quot;background_background&quot;:&quot;classic&quot;}\">\n\t\t\t\t\t<div class=\"e-con-inner\">\n\t\t<div class=\"elementor-element elementor-element-1df02db e-con-full e-flex e-con e-child\" data-id=\"1df02db\" data-element_type=\"container\" data-e-type=\"container\">\n\t\t\t\t<div class=\"elementor-element elementor-element-ff870e8 elementor-flip-box--effect-push elementor-flip-box--direction-up elementor-widget elementor-widget-flip-box\" data-id=\"ff870e8\" data-element_type=\"widget\" data-e-type=\"widget\" data-widget_type=\"flip-box.default\">\n\t\t\t\t<div class=\"elementor-widget-container\">\n\t\t\t\t\t\t\t<div class=\"elementor-flip-box\" tabindex=\"0\">\n\t\t\t<div class=\"elementor-flip-box__layer elementor-flip-box__front\">\n\t\t\t\t<div class=\"elementor-flip-box__layer__overlay\">\n\t\t\t\t\t<div class=\"elementor-flip-box__layer__inner\">\n\t\t\t\t\t\t\n\t\t\t\t\t\t\t\t\t\t\t\t\t<h4 class=\"elementor-flip-box__layer__title\">\n\t\t\t\t\t\t\t\tFeedback- und Fehlerkultur\t\t\t\t\t\t\t<\/h4>\n\t\t\t\t\t\t\n\t\t\t\t\t\t\t\t\t\t\t<\/div>\n\t\t\t\t<\/div>\n\t\t\t<\/div>\n\t\t\t<div class=\"elementor-flip-box__layer elementor-flip-box__back\">\n\t\t\t<div class=\"elementor-flip-box__layer__overlay\">\n\t\t\t\t<div class=\"elementor-flip-box__layer__inner\">\n\t\t\t\t\t\t\t\t\t\t\t<h4 class=\"elementor-flip-box__layer__title\">\n\t\t\t\t\t\t\tFeedback- und Fehlerkultur\t\t\t\t\t\t<\/h4>\n\t\t\t\t\t\n\t\t\t\t\t\t\t\t\t\t\t<div class=\"elementor-flip-box__layer__description\">\n\t\t\t\t\t\t\tEine offene und konstruktive Feedbackkultur lebt von der Wechselwirkung zwischen gegenseitiger Wertsch\u00e4tzung und der konstruktiven Thematisierung von Herausforderungen und Verbesserungsm\u00f6glichkeiten. Eine solche Haltung institutionell zu verankern, ist nicht nur eine Frage der individuellen Bef\u00e4higung. Es ist auch eine Frage der richtigen Feedbackformate.\t\t\t\t\t\t<\/div>\n\t\t\t\t\t\n\t\t\t\t\t\t\t\t<\/div>\n\t\t<\/div>\n\t\t<\/div>\n\t\t<\/div>\n\t\t\t\t\t\t<\/div>\n\t\t\t\t<\/div>\n\t\t\t\t<div class=\"elementor-element elementor-element-9998287 elementor-flip-box--effect-push elementor-widget-mobile__width-initial elementor-flip-box--direction-up elementor-widget elementor-widget-flip-box\" data-id=\"9998287\" data-element_type=\"widget\" data-e-type=\"widget\" data-widget_type=\"flip-box.default\">\n\t\t\t\t<div class=\"elementor-widget-container\">\n\t\t\t\t\t\t\t<div class=\"elementor-flip-box\" tabindex=\"0\">\n\t\t\t<div class=\"elementor-flip-box__layer elementor-flip-box__front\">\n\t\t\t\t<div class=\"elementor-flip-box__layer__overlay\">\n\t\t\t\t\t<div class=\"elementor-flip-box__layer__inner\">\n\t\t\t\t\t\t\n\t\t\t\t\t\t\t\t\t\t\t\t\t<h4 class=\"elementor-flip-box__layer__title\">\n\t\t\t\t\t\t\t\tStrategische Positionierung\t\t\t\t\t\t\t<\/h4>\n\t\t\t\t\t\t\n\t\t\t\t\t\t\t\t\t\t\t<\/div>\n\t\t\t\t<\/div>\n\t\t\t<\/div>\n\t\t\t<div class=\"elementor-flip-box__layer elementor-flip-box__back\">\n\t\t\t<div class=\"elementor-flip-box__layer__overlay\">\n\t\t\t\t<div class=\"elementor-flip-box__layer__inner\">\n\t\t\t\t\t\t\t\t\t\t\t<h4 class=\"elementor-flip-box__layer__title\">\n\t\t\t\t\t\t\tStrategische Positionierung\t\t\t\t\t\t<\/h4>\n\t\t\t\t\t\n\t\t\t\t\t\t\t\t\t\t\t<div class=\"elementor-flip-box__layer__description\">\n\t\t\t\t\t\t\tIn einem dynamischen Marktumfeld brauchen Sie klare strategische Ziele. In der richtigen Detailtiefe fungieren sie als Leitplanken und geben Orientierung . Bei der Umsetzung sind Sie jedoch zwangsl\u00e4ufig mit komplexen Wechselwirkungen konfrontiert. Um dieser Komplexit\u00e4t gerecht zu werden, empfehlen wir ein partizipatives und iteratives Vorgehen.\t\t\t\t\t\t<\/div>\n\t\t\t\t\t\n\t\t\t\t\t\t\t\t<\/div>\n\t\t<\/div>\n\t\t<\/div>\n\t\t<\/div>\n\t\t\t\t\t\t<\/div>\n\t\t\t\t<\/div>\n\t\t\t\t<div class=\"elementor-element elementor-element-df89a58 elementor-flip-box--effect-push elementor-flip-box--direction-up elementor-widget elementor-widget-flip-box\" data-id=\"df89a58\" data-element_type=\"widget\" data-e-type=\"widget\" data-widget_type=\"flip-box.default\">\n\t\t\t\t<div class=\"elementor-widget-container\">\n\t\t\t\t\t\t\t<div class=\"elementor-flip-box\" tabindex=\"0\">\n\t\t\t<div class=\"elementor-flip-box__layer elementor-flip-box__front\">\n\t\t\t\t<div class=\"elementor-flip-box__layer__overlay\">\n\t\t\t\t\t<div class=\"elementor-flip-box__layer__inner\">\n\t\t\t\t\t\t\n\t\t\t\t\t\t\t\t\t\t\t\t\t<h4 class=\"elementor-flip-box__layer__title\">\n\t\t\t\t\t\t\t\tInterkulturelle Zusammenarbeit\t\t\t\t\t\t\t<\/h4>\n\t\t\t\t\t\t\n\t\t\t\t\t\t\t\t\t\t\t<\/div>\n\t\t\t\t<\/div>\n\t\t\t<\/div>\n\t\t\t<div class=\"elementor-flip-box__layer elementor-flip-box__back\">\n\t\t\t<div class=\"elementor-flip-box__layer__overlay\">\n\t\t\t\t<div class=\"elementor-flip-box__layer__inner\">\n\t\t\t\t\t\t\t\t\t\t\t<h4 class=\"elementor-flip-box__layer__title\">\n\t\t\t\t\t\t\tInterkulturelle Zusammenarbeit\t\t\t\t\t\t<\/h4>\n\t\t\t\t\t\n\t\t\t\t\t\t\t\t\t\t\t<div class=\"elementor-flip-box__layer__description\">\n\t\t\t\t\t\t\tInterkulturalit\u00e4t gewinnt in unserer globalisierten Welt zunehmend an Bedeutung. Damit entstehen zwangsl\u00e4ufig vielschichtige Herausforderungen aber auch Chancen. Wir unterst\u00fctzen Sie also darin, Differenzen zu verstehen, sich auf gemeinsame Normen und Werte zu einigen und positive Synergieeffekte zu nutzen.\t\t\t\t\t\t<\/div>\n\t\t\t\t\t\n\t\t\t\t\t\t\t\t<\/div>\n\t\t<\/div>\n\t\t<\/div>\n\t\t<\/div>\n\t\t\t\t\t\t<\/div>\n\t\t\t\t<\/div>\n\t\t\t\t<\/div>\n\t\t<div class=\"elementor-element elementor-element-ab2248e e-con-full e-flex e-con e-child\" data-id=\"ab2248e\" data-element_type=\"container\" data-e-type=\"container\">\n\t\t\t\t<div class=\"elementor-element elementor-element-cf20e34 elementor-flip-box--effect-push elementor-widget-mobile__width-initial elementor-flip-box--direction-up elementor-widget elementor-widget-flip-box\" data-id=\"cf20e34\" data-element_type=\"widget\" data-e-type=\"widget\" data-widget_type=\"flip-box.default\">\n\t\t\t\t<div class=\"elementor-widget-container\">\n\t\t\t\t\t\t\t<div class=\"elementor-flip-box\" tabindex=\"0\">\n\t\t\t<div class=\"elementor-flip-box__layer elementor-flip-box__front\">\n\t\t\t\t<div class=\"elementor-flip-box__layer__overlay\">\n\t\t\t\t\t<div class=\"elementor-flip-box__layer__inner\">\n\t\t\t\t\t\t\n\t\t\t\t\t\t\t\t\t\t\t\t\t<h4 class=\"elementor-flip-box__layer__title\">\n\t\t\t\t\t\t\t\tMeeting Management\t\t\t\t\t\t\t<\/h4>\n\t\t\t\t\t\t\n\t\t\t\t\t\t\t\t\t\t\t<\/div>\n\t\t\t\t<\/div>\n\t\t\t<\/div>\n\t\t\t<div class=\"elementor-flip-box__layer elementor-flip-box__back\">\n\t\t\t<div class=\"elementor-flip-box__layer__overlay\">\n\t\t\t\t<div class=\"elementor-flip-box__layer__inner\">\n\t\t\t\t\t\t\t\t\t\t\t<h4 class=\"elementor-flip-box__layer__title\">\n\t\t\t\t\t\t\tMeeting Management\t\t\t\t\t\t<\/h4>\n\t\t\t\t\t\n\t\t\t\t\t\t\t\t\t\t\t<div class=\"elementor-flip-box__layer__description\">\n\t\t\t\t\t\t\tIn einer immer komplexer werdenden Arbeitswelt sind gut abgestimmte Meeting Strukturen unerl\u00e4sslich. Wir helfen Ihnen, Ihre Koordinationskosten durch effiziente Abstimmungsformate und Entscheidungsprozesse zu senken.\t\t\t\t\t\t<\/div>\n\t\t\t\t\t\n\t\t\t\t\t\t\t\t<\/div>\n\t\t<\/div>\n\t\t<\/div>\n\t\t<\/div>\n\t\t\t\t\t\t<\/div>\n\t\t\t\t<\/div>\n\t\t\t\t<div class=\"elementor-element elementor-element-05505bd elementor-flip-box--effect-push elementor-flip-box--direction-up elementor-widget elementor-widget-flip-box\" data-id=\"05505bd\" data-element_type=\"widget\" data-e-type=\"widget\" data-widget_type=\"flip-box.default\">\n\t\t\t\t<div class=\"elementor-widget-container\">\n\t\t\t\t\t\t\t<div class=\"elementor-flip-box\" tabindex=\"0\">\n\t\t\t<div class=\"elementor-flip-box__layer elementor-flip-box__front\">\n\t\t\t\t<div class=\"elementor-flip-box__layer__overlay\">\n\t\t\t\t\t<div class=\"elementor-flip-box__layer__inner\">\n\t\t\t\t\t\t\n\t\t\t\t\t\t\t\t\t\t\t\t\t<h4 class=\"elementor-flip-box__layer__title\">\n\t\t\t\t\t\t\t\tSchnittstellenberatung\t\t\t\t\t\t\t<\/h4>\n\t\t\t\t\t\t\n\t\t\t\t\t\t\t\t\t\t\t<\/div>\n\t\t\t\t<\/div>\n\t\t\t<\/div>\n\t\t\t<div class=\"elementor-flip-box__layer elementor-flip-box__back\">\n\t\t\t<div class=\"elementor-flip-box__layer__overlay\">\n\t\t\t\t<div class=\"elementor-flip-box__layer__inner\">\n\t\t\t\t\t\t\t\t\t\t\t<h4 class=\"elementor-flip-box__layer__title\">\n\t\t\t\t\t\t\tSchnittstellenberatung\t\t\t\t\t\t<\/h4>\n\t\t\t\t\t\n\t\t\t\t\t\t\t\t\t\t\t<div class=\"elementor-flip-box__layer__description\">\n\t\t\t\t\t\t\tReibungslose Abl\u00e4ufe an den Schnittstellen zwischen Teams und Unternehmensbereichen sind entscheidend f\u00fcr eine erfolgreiche Zusammenarbeit. Gemeinsam identifizieren wir  Spannungsfelder, schaffen Klarheit in Rollen und Verantwortlichkeiten und entwickeln pragmatische L\u00f6sungen f\u00fcr komplexe Interdependenzen.\t\t\t\t\t\t<\/div>\n\t\t\t\t\t\n\t\t\t\t\t\t\t\t<\/div>\n\t\t<\/div>\n\t\t<\/div>\n\t\t<\/div>\n\t\t\t\t\t\t<\/div>\n\t\t\t\t<\/div>\n\t\t\t\t<div class=\"elementor-element elementor-element-79220f1 elementor-flip-box--effect-push elementor-flip-box--direction-up elementor-widget elementor-widget-flip-box\" data-id=\"79220f1\" data-element_type=\"widget\" data-e-type=\"widget\" data-widget_type=\"flip-box.default\">\n\t\t\t\t<div class=\"elementor-widget-container\">\n\t\t\t\t\t\t\t<div class=\"elementor-flip-box\" tabindex=\"0\">\n\t\t\t<div class=\"elementor-flip-box__layer elementor-flip-box__front\">\n\t\t\t\t<div class=\"elementor-flip-box__layer__overlay\">\n\t\t\t\t\t<div class=\"elementor-flip-box__layer__inner\">\n\t\t\t\t\t\t\n\t\t\t\t\t\t\t\t\t\t\t\t\t<h4 class=\"elementor-flip-box__layer__title\">\n\t\t\t\t\t\t\t\tKonfliktmanagement\t\t\t\t\t\t\t<\/h4>\n\t\t\t\t\t\t\n\t\t\t\t\t\t\t\t\t\t\t<\/div>\n\t\t\t\t<\/div>\n\t\t\t<\/div>\n\t\t\t<div class=\"elementor-flip-box__layer elementor-flip-box__back\">\n\t\t\t<div class=\"elementor-flip-box__layer__overlay\">\n\t\t\t\t<div class=\"elementor-flip-box__layer__inner\">\n\t\t\t\t\t\t\t\t\t\t\t<h4 class=\"elementor-flip-box__layer__title\">\n\t\t\t\t\t\t\tKonfliktmanagement\t\t\t\t\t\t<\/h4>\n\t\t\t\t\t\n\t\t\t\t\t\t\t\t\t\t\t<div class=\"elementor-flip-box__layer__description\">\n\t\t\t\t\t\t\tJe l\u00e4nger ein Konflikt anh\u00e4lt, umso schwieriger wird es, ihn aus eigener Kraft zu l\u00f6sen. Wir unterst\u00fctzen Sie daher darin, L\u00f6sungsstrategien zu erarbeiten, die eine nachhaltig positive Wirkung entfalten.\t\t\t\t\t\t<\/div>\n\t\t\t\t\t\n\t\t\t\t\t\t\t\t<\/div>\n\t\t<\/div>\n\t\t<\/div>\n\t\t<\/div>\n\t\t\t\t\t\t<\/div>\n\t\t\t\t<\/div>\n\t\t\t\t<\/div>\n\t\t\t\t\t<\/div>\n\t\t\t\t<\/div>\n\t\t<div class=\"elementor-element elementor-element-690541f elementor-hidden-desktop elementor-hidden-tablet e-flex e-con-boxed e-con e-parent\" data-id=\"690541f\" data-element_type=\"container\" data-e-type=\"container\" data-settings=\"{&quot;background_background&quot;:&quot;classic&quot;}\">\n\t\t\t\t\t<div class=\"e-con-inner\">\n\t\t<div class=\"elementor-element elementor-element-1ad401d e-con-full e-flex e-con e-child\" data-id=\"1ad401d\" data-element_type=\"container\" data-e-type=\"container\">\n\t\t\t\t<div class=\"elementor-element elementor-element-a585122 elementor-cta--skin-cover elementor-cta--valign-top elementor-widget__width-initial elementor-widget elementor-widget-call-to-action\" data-id=\"a585122\" data-element_type=\"widget\" data-e-type=\"widget\" data-widget_type=\"call-to-action.default\">\n\t\t\t\t<div class=\"elementor-widget-container\">\n\t\t\t\t\t\t\t<div class=\"elementor-cta\">\n\t\t\t\t\t<div class=\"elementor-cta__bg-wrapper\">\n\t\t\t\t<div class=\"elementor-cta__bg elementor-bg\" style=\"background-image: url();\" role=\"img\" aria-label=\"\"><\/div>\n\t\t\t\t<div class=\"elementor-cta__bg-overlay\"><\/div>\n\t\t\t<\/div>\n\t\t\t\t\t\t\t<div class=\"elementor-cta__content\">\n\t\t\t\t\n\t\t\t\t\t\t\t\t\t<h4 class=\"elementor-cta__title elementor-cta__content-item elementor-content-item\">\n\t\t\t\t\t\tStrategische Positionierung\t\t\t\t\t<\/h4>\n\t\t\t\t\n\t\t\t\t\t\t\t\t\t<div class=\"elementor-cta__description elementor-cta__content-item elementor-content-item\">\n\t\t\t\t\t\tUm sich in einem dynamischen Marktumfeld erfolgreich zu positionieren, brauchen Sie klare strategische Ziele in der richtigen Detailtiefe.  Bei der Umsetzung strategischer Ziele haben wir es stets mit komplexen Wechselwirkungen zu tun. Um dieser Komplexit\u00e4t gerecht zu werden, empfehlen wir ein partizipatives, iteratives und integratives Vorgehen.\t\t\t\t\t<\/div>\n\t\t\t\t\n\t\t\t\t\t\t\t<\/div>\n\t\t\t\t\t\t<\/div>\n\t\t\t\t\t\t<\/div>\n\t\t\t\t<\/div>\n\t\t\t\t<div class=\"elementor-element elementor-element-3a1c676 elementor-cta--skin-cover elementor-cta--valign-top elementor-bg-transform elementor-bg-transform-move-down elementor-widget__width-initial elementor-widget elementor-widget-call-to-action\" data-id=\"3a1c676\" data-element_type=\"widget\" data-e-type=\"widget\" data-widget_type=\"call-to-action.default\">\n\t\t\t\t<div class=\"elementor-widget-container\">\n\t\t\t\t\t\t\t<div class=\"elementor-cta\">\n\t\t\t\t\t<div class=\"elementor-cta__bg-wrapper\">\n\t\t\t\t<div class=\"elementor-cta__bg elementor-bg\" style=\"background-image: url();\" role=\"img\" aria-label=\"\"><\/div>\n\t\t\t\t<div class=\"elementor-cta__bg-overlay\"><\/div>\n\t\t\t<\/div>\n\t\t\t\t\t\t\t<div class=\"elementor-cta__content\">\n\t\t\t\t\n\t\t\t\t\t\t\t\t\t<h4 class=\"elementor-cta__title elementor-cta__content-item elementor-content-item\">\n\t\t\t\t\t\tFeedback- und Fehlerkultur\t\t\t\t\t<\/h4>\n\t\t\t\t\n\t\t\t\t\t\t\t\t\t<div class=\"elementor-cta__description elementor-cta__content-item elementor-content-item\">\n\t\t\t\t\t\tEine offene und konstruktive Feedback Kultur lebt von dem Wechselspiel zwischen gegenseitiger Wertsch\u00e4tzung und Anerkennung und von der offenen und konstruktiven Thematisierung von Problemen. Eine solche Haltung institutionell zu verankern, ist nicht nur eine Frage der individuellen Bef\u00e4higung. Es ist auch eine Frage der richtigen Feedback Formate.\t\t\t\t\t<\/div>\n\t\t\t\t\n\t\t\t\t\t\t\t<\/div>\n\t\t\t\t\t\t<\/div>\n\t\t\t\t\t\t<\/div>\n\t\t\t\t<\/div>\n\t\t\t\t<div class=\"elementor-element elementor-element-6d39b4c elementor-cta--skin-cover elementor-cta--valign-top elementor-bg-transform elementor-bg-transform-move-down elementor-widget__width-initial elementor-widget elementor-widget-call-to-action\" data-id=\"6d39b4c\" data-element_type=\"widget\" data-e-type=\"widget\" data-widget_type=\"call-to-action.default\">\n\t\t\t\t<div class=\"elementor-widget-container\">\n\t\t\t\t\t\t\t<div class=\"elementor-cta\">\n\t\t\t\t\t<div class=\"elementor-cta__bg-wrapper\">\n\t\t\t\t<div class=\"elementor-cta__bg elementor-bg\" style=\"background-image: url();\" role=\"img\" aria-label=\"\"><\/div>\n\t\t\t\t<div class=\"elementor-cta__bg-overlay\"><\/div>\n\t\t\t<\/div>\n\t\t\t\t\t\t\t<div class=\"elementor-cta__content\">\n\t\t\t\t\n\t\t\t\t\t\t\t\t\t<h4 class=\"elementor-cta__title elementor-cta__content-item elementor-content-item\">\n\t\t\t\t\t\tInterkulturelle Zusammenarbeit\t\t\t\t\t<\/h4>\n\t\t\t\t\n\t\t\t\t\t\t\t\t\t<div class=\"elementor-cta__description elementor-cta__content-item elementor-content-item\">\n\t\t\t\t\t\tInterkulturalit\u00e4t gewinnt in unserer globalisierten Welt zunehmend an Bedeutung. Damit entstehen zwangsl\u00e4ufig vielschichtige Herausforderungen aber auch Chancen. Wir unterst\u00fctzen Sie darin, Differenzen zu verstehen, positive Synergieeffekte zu nutzen und sich auf gemeinsame Normen und Werte zu einigen.\t\t\t\t\t<\/div>\n\t\t\t\t\n\t\t\t\t\t\t\t<\/div>\n\t\t\t\t\t\t<\/div>\n\t\t\t\t\t\t<\/div>\n\t\t\t\t<\/div>\n\t\t\t\t<\/div>\n\t\t<div class=\"elementor-element elementor-element-67e2dfe e-con-full e-flex e-con e-child\" data-id=\"67e2dfe\" data-element_type=\"container\" data-e-type=\"container\">\n\t\t\t\t<div class=\"elementor-element elementor-element-5ca93cb elementor-cta--skin-cover elementor-cta--valign-top elementor-bg-transform elementor-bg-transform-move-down elementor-widget__width-initial elementor-widget elementor-widget-call-to-action\" data-id=\"5ca93cb\" data-element_type=\"widget\" data-e-type=\"widget\" data-widget_type=\"call-to-action.default\">\n\t\t\t\t<div class=\"elementor-widget-container\">\n\t\t\t\t\t\t\t<div class=\"elementor-cta\">\n\t\t\t\t\t<div class=\"elementor-cta__bg-wrapper\">\n\t\t\t\t<div class=\"elementor-cta__bg elementor-bg\" style=\"background-image: url();\" role=\"img\" aria-label=\"\"><\/div>\n\t\t\t\t<div class=\"elementor-cta__bg-overlay\"><\/div>\n\t\t\t<\/div>\n\t\t\t\t\t\t\t<div class=\"elementor-cta__content\">\n\t\t\t\t\n\t\t\t\t\t\t\t\t\t<h4 class=\"elementor-cta__title elementor-cta__content-item elementor-content-item\">\n\t\t\t\t\t\tMeeting Management\t\t\t\t\t<\/h4>\n\t\t\t\t\n\t\t\t\t\t\t\t\t\t<div class=\"elementor-cta__description elementor-cta__content-item elementor-content-item\">\n\t\t\t\t\t\tIn einer zunehmend komplexen Arbeitswelt sind gut aufeinander abestimmte Meeting Strukturen unabdingbar. Wir helfen Ihnen Ihre Koordinationskosten zu reduzieren und effiziente Enscheidungsprozesse zu implimentieren.\t\t\t\t\t<\/div>\n\t\t\t\t\n\t\t\t\t\t\t\t<\/div>\n\t\t\t\t\t\t<\/div>\n\t\t\t\t\t\t<\/div>\n\t\t\t\t<\/div>\n\t\t\t\t<div class=\"elementor-element elementor-element-049b78d elementor-cta--skin-cover elementor-cta--valign-top elementor-bg-transform elementor-bg-transform-move-down elementor-widget__width-initial elementor-widget elementor-widget-call-to-action\" data-id=\"049b78d\" data-element_type=\"widget\" data-e-type=\"widget\" data-widget_type=\"call-to-action.default\">\n\t\t\t\t<div class=\"elementor-widget-container\">\n\t\t\t\t\t\t\t<div class=\"elementor-cta\">\n\t\t\t\t\t<div class=\"elementor-cta__bg-wrapper\">\n\t\t\t\t<div class=\"elementor-cta__bg elementor-bg\" style=\"background-image: url();\" role=\"img\" aria-label=\"\"><\/div>\n\t\t\t\t<div class=\"elementor-cta__bg-overlay\"><\/div>\n\t\t\t<\/div>\n\t\t\t\t\t\t\t<div class=\"elementor-cta__content\">\n\t\t\t\t\n\t\t\t\t\t\t\t\t\t<h4 class=\"elementor-cta__title elementor-cta__content-item elementor-content-item\">\n\t\t\t\t\t\tTeamentwicklung\t\t\t\t\t<\/h4>\n\t\t\t\t\n\t\t\t\t\t\t\t\t\t<div class=\"elementor-cta__description elementor-cta__content-item elementor-content-item\">\n\t\t\t\t\t\tEin wertsch\u00e4tzendes, l\u00f6sungsorientiertes Miteinander auf Teamebene st\u00e4rkt die Mitarbeiterbindung und ist die Voraussetzung f\u00fcr funkionierende Schnittstellen. Mit den richtigen Teamma\u00dfnahmen schaffen Sie das Fundament f\u00fcr eine gesunde Unternehmenskultur.\t\t\t\t\t<\/div>\n\t\t\t\t\n\t\t\t\t\t\t\t<\/div>\n\t\t\t\t\t\t<\/div>\n\t\t\t\t\t\t<\/div>\n\t\t\t\t<\/div>\n\t\t\t\t<div class=\"elementor-element elementor-element-3f20cd3 elementor-cta--skin-cover elementor-cta--valign-top elementor-bg-transform elementor-bg-transform-move-down elementor-widget__width-initial elementor-widget elementor-widget-call-to-action\" data-id=\"3f20cd3\" data-element_type=\"widget\" data-e-type=\"widget\" data-widget_type=\"call-to-action.default\">\n\t\t\t\t<div class=\"elementor-widget-container\">\n\t\t\t\t\t\t\t<div class=\"elementor-cta\">\n\t\t\t\t\t<div class=\"elementor-cta__bg-wrapper\">\n\t\t\t\t<div class=\"elementor-cta__bg elementor-bg\" style=\"background-image: url();\" role=\"img\" aria-label=\"\"><\/div>\n\t\t\t\t<div class=\"elementor-cta__bg-overlay\"><\/div>\n\t\t\t<\/div>\n\t\t\t\t\t\t\t<div class=\"elementor-cta__content\">\n\t\t\t\t\n\t\t\t\t\t\t\t\t\t<h4 class=\"elementor-cta__title elementor-cta__content-item elementor-content-item\">\n\t\t\t\t\t\tKonfliktmanagement\t\t\t\t\t<\/h4>\n\t\t\t\t\n\t\t\t\t\t\t\t\t\t<div class=\"elementor-cta__description elementor-cta__content-item elementor-content-item\">\n\t\t\t\t\t\tJe l\u00e4nger ein Konflikt anh\u00e4lt, umso schwieriger wird es, ihn aus eigener Kraft zu l\u00f6sen. Wir unterst\u00fctzen Sie darin, L\u00f6sungsstrategien zu erarbeiten, die eine nachhaltig positive Wirkung entfalten.\t\t\t\t\t<\/div>\n\t\t\t\t\n\t\t\t\t\t\t\t<\/div>\n\t\t\t\t\t\t<\/div>\n\t\t\t\t\t\t<\/div>\n\t\t\t\t<\/div>\n\t\t\t\t<\/div>\n\t\t\t\t\t<\/div>\n\t\t\t\t<\/div>\n\t\t<div class=\"elementor-element elementor-element-6228b99 e-flex e-con-boxed e-con e-parent\" data-id=\"6228b99\" data-element_type=\"container\" data-e-type=\"container\">\n\t\t\t\t\t<div class=\"e-con-inner\">\n\t\t<div class=\"elementor-element elementor-element-9bd55ed e-con-full e-flex e-con e-child\" data-id=\"9bd55ed\" data-element_type=\"container\" data-e-type=\"container\">\n\t\t\t\t<div class=\"elementor-element elementor-element-6a4906c elementor-widget elementor-widget-text-editor\" data-id=\"6a4906c\" data-element_type=\"widget\" data-e-type=\"widget\" data-widget_type=\"text-editor.default\">\n\t\t\t\t<div class=\"elementor-widget-container\">\n\t\t\t\t\t\t\t\t\t<h3>Erfolg ist immer weniger eine Frage herausragender Einzelk\u00e4mpfer, immer mehr eine Frage <strong>exzellenter Teamarbeit<\/strong><span style=\"font-weight: normal;\">. <br \/><\/span><\/h3>\t\t\t\t\t\t\t\t<\/div>\n\t\t\t\t<\/div>\n\t\t\t\t<\/div>\n\t\t<div class=\"elementor-element elementor-element-e24017a e-con-full e-flex e-con e-child\" data-id=\"e24017a\" data-element_type=\"container\" data-e-type=\"container\">\n\t\t\t\t<div class=\"elementor-element elementor-element-e7a3865 elementor-widget elementor-widget-heading\" data-id=\"e7a3865\" data-element_type=\"widget\" data-e-type=\"widget\" data-widget_type=\"heading.default\">\n\t\t\t\t<div class=\"elementor-widget-container\">\n\t\t\t\t\t<h2 class=\"elementor-heading-title elementor-size-default\">Wirkungsorientierte Teamentwicklung<\/h2>\t\t\t\t<\/div>\n\t\t\t\t<\/div>\n\t\t<div class=\"elementor-element elementor-element-503bbb1 e-con-full e-flex e-con e-child\" data-id=\"503bbb1\" data-element_type=\"container\" data-e-type=\"container\">\n\t\t<div class=\"elementor-element elementor-element-d890882 e-con-full e-flex e-con e-child\" data-id=\"d890882\" data-element_type=\"container\" data-e-type=\"container\">\n\t\t\t\t<div class=\"elementor-element elementor-element-760ed7c elementor-widget elementor-widget-image\" data-id=\"760ed7c\" data-element_type=\"widget\" data-e-type=\"widget\" data-widget_type=\"image.default\">\n\t\t\t\t<div class=\"elementor-widget-container\">\n\t\t\t\t\t\t\t\t\t\t\t\t\t\t\t<img loading=\"lazy\" decoding=\"async\" width=\"768\" height=\"1085\" src=\"https:\/\/changelab-organisationsberatung.de\/wp-content\/uploads\/2025\/07\/Teamentwicklung_Berlin-768x1085.jpg\" class=\"attachment-medium_large size-medium_large wp-image-19172\" alt=\"Teambuilding Berlin\" srcset=\"https:\/\/changelab-organisationsberatung.de\/wp-content\/uploads\/2025\/07\/Teamentwicklung_Berlin-768x1085.jpg 768w, https:\/\/changelab-organisationsberatung.de\/wp-content\/uploads\/2025\/07\/Teamentwicklung_Berlin-212x300.jpg 212w, https:\/\/changelab-organisationsberatung.de\/wp-content\/uploads\/2025\/07\/Teamentwicklung_Berlin-725x1024.jpg 725w, https:\/\/changelab-organisationsberatung.de\/wp-content\/uploads\/2025\/07\/Teamentwicklung_Berlin-1088x1536.jpg 1088w, https:\/\/changelab-organisationsberatung.de\/wp-content\/uploads\/2025\/07\/Teamentwicklung_Berlin-1450x2048.jpg 1450w, https:\/\/changelab-organisationsberatung.de\/wp-content\/uploads\/2025\/07\/Teamentwicklung_Berlin-8x12.jpg 8w, https:\/\/changelab-organisationsberatung.de\/wp-content\/uploads\/2025\/07\/Teamentwicklung_Berlin-scaled.jpg 1813w\" sizes=\"(max-width: 768px) 100vw, 768px\" \/>\t\t\t\t\t\t\t\t\t\t\t\t\t\t\t<\/div>\n\t\t\t\t<\/div>\n\t\t\t\t<\/div>\n\t\t<div class=\"elementor-element elementor-element-3a024ca e-con-full e-flex e-con e-child\" data-id=\"3a024ca\" data-element_type=\"container\" data-e-type=\"container\">\n\t\t\t\t<div class=\"elementor-element elementor-element-20dd9c2 elementor-widget elementor-widget-heading\" data-id=\"20dd9c2\" data-element_type=\"widget\" data-e-type=\"widget\" data-widget_type=\"heading.default\">\n\t\t\t\t<div class=\"elementor-widget-container\">\n\t\t\t\t\t<h3 class=\"elementor-heading-title elementor-size-default\">Leistungsstarkes Teamumfeld gestalten<\/h3>\t\t\t\t<\/div>\n\t\t\t\t<\/div>\n\t\t\t\t<div class=\"elementor-element elementor-element-1aeb30e elementor-widget elementor-widget-text-editor\" data-id=\"1aeb30e\" data-element_type=\"widget\" data-e-type=\"widget\" data-widget_type=\"text-editor.default\">\n\t\t\t\t<div class=\"elementor-widget-container\">\n\t\t\t\t\t\t\t\t\t<p>Mit der zunehmenden Komplexit\u00e4t und Volatilit\u00e4t der heutigen Marktdynamik k\u00f6nnen sich Unternehmen immer weniger auf die Leistung herausragender Einzelk\u00e4mpfer verlassen. Um wettbewerbsf\u00e4hig zu bleiben, sind die Ressourcen, das Fachwissen und die Zusammenarbeit ganzer Teams erforderlich. Ein kooperatives Miteinander mit ausgepr\u00e4gtem Commitment zu den \u00fcbergeordneten Teamzielen, eigenverantwortliches Handeln und l\u00f6sungsorientiertes Denken &#8211; das ist das Ziel und die Sehnsucht der meisten Teamleiter, oft auch der meisten Teammitglieder.<\/p>\t\t\t\t\t\t\t\t<\/div>\n\t\t\t\t<\/div>\n\t\t\t\t<div class=\"elementor-element elementor-element-9696b1e elementor-widget elementor-widget-n-accordion\" data-id=\"9696b1e\" data-element_type=\"widget\" data-e-type=\"widget\" data-settings=\"{&quot;default_state&quot;:&quot;all_collapsed&quot;,&quot;max_items_expended&quot;:&quot;one&quot;,&quot;n_accordion_animation_duration&quot;:{&quot;unit&quot;:&quot;ms&quot;,&quot;size&quot;:400,&quot;sizes&quot;:[]}}\" data-widget_type=\"nested-accordion.default\">\n\t\t\t\t<div class=\"elementor-widget-container\">\n\t\t\t\t\t\t\t<div class=\"e-n-accordion\" aria-label=\"Accordion. Open links with Enter or Space, close with Escape, and navigate with Arrow Keys\">\n\t\t\t\t\t\t<details id=\"e-n-accordion-item-1570\" class=\"e-n-accordion-item\" >\n\t\t\t\t<summary class=\"e-n-accordion-item-title\" data-accordion-index=\"1\" tabindex=\"0\" aria-expanded=\"false\" aria-controls=\"e-n-accordion-item-1570\" >\n\t\t\t\t\t<span class='e-n-accordion-item-title-header'><h4 class=\"e-n-accordion-item-title-text\"> Dysfunktionale Teamdynamiken transformieren <\/h4><\/span>\n\t\t\t\t\t\t\t<span class='e-n-accordion-item-title-icon'>\n\t\t\t<span class='e-opened' ><i aria-hidden=\"true\" class=\"fas fa-minus\"><\/i><\/span>\n\t\t\t<span class='e-closed'><i aria-hidden=\"true\" class=\"fas fa-plus\"><\/i><\/span>\n\t\t<\/span>\n\n\t\t\t\t\t\t<\/summary>\n\t\t\t\t<div role=\"region\" aria-labelledby=\"e-n-accordion-item-1570\" class=\"elementor-element elementor-element-9483bf5 e-con-full e-flex e-con e-child\" data-id=\"9483bf5\" data-element_type=\"container\" data-e-type=\"container\">\n\t\t\t\t<div class=\"elementor-element elementor-element-bf25b39 elementor-widget elementor-widget-text-editor\" data-id=\"bf25b39\" data-element_type=\"widget\" data-e-type=\"widget\" data-widget_type=\"text-editor.default\">\n\t\t\t\t<div class=\"elementor-widget-container\">\n\t\t\t\t\t\t\t\t\t<p data-start=\"147\" data-end=\"474\">Die Zusammenarbeit in Teams erreicht jedoch nicht immer die gew\u00fcnschte und notwendige Qualit\u00e4t. Zeitraubende Diskussionen ohne klare Ergebnisse und ineffiziente Arbeitsabl\u00e4ufe stellen Teamleiter und Teammitglieder auf eine harte Probe. Teamkonflikte, Schuldzuweisungen, Machtspiele oder Dienst nach Vorschrift sind die Folge.<\/p><p data-start=\"476\" data-end=\"729\">H\u00e4ufig liegen diesen Mustern unklare Rollen, unausgesprochene Erwartungen oder festgefahrene Kommunikationsstrukturen zugrunde. Werden diese Dynamiken nicht fr\u00fchzeitig erkannt, k\u00f6nnen sie Motivation, Leistung und Vertrauen langfristig beeintr\u00e4chtigen.<\/p><p data-start=\"731\" data-end=\"1142\">Ein zentraler Schritt erfolgreicher Teamentwicklung ist daher, dysfunktionale Muster sichtbar zu machen \u2013 sowohl auf der strukturellen als auch auf der zwischenmenschlichen Ebene. Durch eine systematische Analyse schaffen wir Transparenz \u00fcber die Ursachen der Herausforderungen und legen die Grundlage f\u00fcr gezielte Entwicklungsimpulse, die Teams wieder handlungsf\u00e4hig, l\u00f6sungsorientiert und effektiv machen.<\/p>\t\t\t\t\t\t\t\t<\/div>\n\t\t\t\t<\/div>\n\t\t\t\t<\/div>\n\t\t\t\t\t<\/details>\n\t\t\t\t\t\t<details id=\"e-n-accordion-item-1571\" class=\"e-n-accordion-item\" >\n\t\t\t\t<summary class=\"e-n-accordion-item-title\" data-accordion-index=\"2\" tabindex=\"-1\" aria-expanded=\"false\" aria-controls=\"e-n-accordion-item-1571\" >\n\t\t\t\t\t<span class='e-n-accordion-item-title-header'><h4 class=\"e-n-accordion-item-title-text\"> Ma\u00dfnahmen f\u00fcr nachhaltige Teamentwicklung umsetzen <\/h4><\/span>\n\t\t\t\t\t\t\t<span class='e-n-accordion-item-title-icon'>\n\t\t\t<span class='e-opened' ><i aria-hidden=\"true\" class=\"fas fa-minus\"><\/i><\/span>\n\t\t\t<span class='e-closed'><i aria-hidden=\"true\" class=\"fas fa-plus\"><\/i><\/span>\n\t\t<\/span>\n\n\t\t\t\t\t\t<\/summary>\n\t\t\t\t<div role=\"region\" aria-labelledby=\"e-n-accordion-item-1571\" class=\"elementor-element elementor-element-0616cbe e-con-full e-flex e-con e-child\" data-id=\"0616cbe\" data-element_type=\"container\" data-e-type=\"container\">\n\t\t\t\t<div class=\"elementor-element elementor-element-523bb7f elementor-widget elementor-widget-text-editor\" data-id=\"523bb7f\" data-element_type=\"widget\" data-e-type=\"widget\" data-widget_type=\"text-editor.default\">\n\t\t\t\t<div class=\"elementor-widget-container\">\n\t\t\t\t\t\t\t\t\t<div><p data-start=\"527\" data-end=\"756\">Mit den passenden Teamentwicklungsma\u00dfnahmen f\u00f6rdern Sie ein wertsch\u00e4tzendes, kooperatives und ergebnisorientiertes Miteinander \u2013 und schaffen die Grundlage daf\u00fcr, dass Ihr Team sein volles Leistungspotenzial entfalten kann.<\/p><p data-start=\"758\" data-end=\"1136\">Wir entwickeln gemeinsam mit Ihnen ma\u00dfgeschneiderte Teamentwicklungsprozesse, die genau auf Ihre Teamhistorie, die bestehende Teamdynamik sowie Ihre konkreten Entwicklungs- und Unternehmensziele abgestimmt sind. Durch eine systematische Analyse und gezielte Interventionen unterst\u00fctzen wir Ihr Team dabei, Klarheit, Vertrauen und eine produktive Zusammenarbeit aufzubauen.<\/p><\/div>\t\t\t\t\t\t\t\t<\/div>\n\t\t\t\t<\/div>\n\t\t\t\t<\/div>\n\t\t\t\t\t<\/details>\n\t\t\t\t\t<\/div>\n\t\t\t\t\t\t<\/div>\n\t\t\t\t<\/div>\n\t\t\t\t<\/div>\n\t\t\t\t<\/div>\n\t\t\t\t<\/div>\n\t\t\t\t\t<\/div>\n\t\t\t\t<\/div>\n\t\t\t\t<\/div>\n\t\t","protected":false},"excerpt":{"rendered":"<p>Organisationsentwicklung Organisationen Zukunftsf\u00e4hig Gestalten Organisationen zukunftsf\u00e4hig zu gestalten bedeutet, Strukturen Kutur und F\u00fchrung mit strategischer Weitsicht aufeinander abzustimmen. In unserer systemischen Organisationsberatung unterst\u00fctzen wir Sie dabei, Ver\u00e4nderungsprozesse erfolgreich umzusetzen und Ver\u00e4nderungen nachhaltig in Ihrer Organisation zu verankern \u2013 ohne dabei das Funktionale im Bestehenden aus den Augen zu verlieren. Mit einem stimmigen Zusammenspiel von Strategie, [&hellip;]<\/p>\n","protected":false},"author":1,"featured_media":0,"parent":0,"menu_order":0,"comment_status":"closed","ping_status":"closed","template":"elementor_header_footer","meta":{"_acf_changed":false,"footnotes":""},"class_list":["post-3297","page","type-page","status-publish","hentry"],"acf":[],"yoast_head":"<!-- This site is optimized with the Yoast SEO plugin v27.4 - https:\/\/yoast.com\/product\/yoast-seo-wordpress\/ -->\n<title>Organisationsentwicklung - ChangeLab<\/title>\n<meta name=\"description\" content=\"Systemische Organisationsentwicklung bedeutet einen optimalen Fit zwischen Strategie, Strukturen und Praktiken institutionell verankern.\" \/>\n<meta name=\"robots\" content=\"index, follow, max-snippet:-1, max-image-preview:large, max-video-preview:-1\" \/>\n<link rel=\"canonical\" href=\"https:\/\/changelab-organisationsberatung.de\/en\/organisationsentwicklung\/\" \/>\n<meta property=\"og:locale\" content=\"en_US\" \/>\n<meta property=\"og:type\" content=\"article\" \/>\n<meta property=\"og:title\" content=\"Organisationsentwicklung - ChangeLab\" \/>\n<meta property=\"og:description\" content=\"Systemische Organisationsentwicklung bedeutet einen optimalen Fit zwischen Strategie, Strukturen und Praktiken institutionell verankern.\" \/>\n<meta property=\"og:url\" content=\"https:\/\/changelab-organisationsberatung.de\/en\/organisationsentwicklung\/\" \/>\n<meta property=\"og:site_name\" content=\"ChangeLab\" \/>\n<meta property=\"article:modified_time\" content=\"2025-11-23T08:16:50+00:00\" \/>\n<meta property=\"og:image\" content=\"https:\/\/changelab-organisationsberatung.de\/wp-content\/uploads\/2025\/11\/Organisationsentwicklung.png\" \/>\n\t<meta property=\"og:image:width\" content=\"1090\" \/>\n\t<meta property=\"og:image:height\" content=\"676\" \/>\n\t<meta property=\"og:image:type\" content=\"image\/png\" \/>\n<meta name=\"twitter:card\" content=\"summary_large_image\" \/>\n<meta name=\"twitter:label1\" content=\"Est. reading time\" \/>\n\t<meta name=\"twitter:data1\" content=\"9 minutes\" \/>\n<script type=\"application\/ld+json\" class=\"yoast-schema-graph\">{\"@context\":\"https:\\\/\\\/schema.org\",\"@graph\":[{\"@type\":\"WebPage\",\"@id\":\"https:\\\/\\\/changelab-organisationsberatung.de\\\/organisationsentwicklung\\\/\",\"url\":\"https:\\\/\\\/changelab-organisationsberatung.de\\\/organisationsentwicklung\\\/\",\"name\":\"Organisationsentwicklung - ChangeLab\",\"isPartOf\":{\"@id\":\"https:\\\/\\\/changelab-organisationsberatung.de\\\/#website\"},\"primaryImageOfPage\":{\"@id\":\"https:\\\/\\\/changelab-organisationsberatung.de\\\/organisationsentwicklung\\\/#primaryimage\"},\"image\":{\"@id\":\"https:\\\/\\\/changelab-organisationsberatung.de\\\/organisationsentwicklung\\\/#primaryimage\"},\"thumbnailUrl\":\"https:\\\/\\\/changelab-organisationsberatung.de\\\/wp-content\\\/uploads\\\/2025\\\/11\\\/Organisationsentwicklung-1024x635.png\",\"datePublished\":\"2020-08-13T11:20:47+00:00\",\"dateModified\":\"2025-11-23T08:16:50+00:00\",\"description\":\"Systemische Organisationsentwicklung bedeutet einen optimalen Fit zwischen Strategie, Strukturen und Praktiken institutionell verankern.\",\"breadcrumb\":{\"@id\":\"https:\\\/\\\/changelab-organisationsberatung.de\\\/organisationsentwicklung\\\/#breadcrumb\"},\"inLanguage\":\"en-US\",\"potentialAction\":[{\"@type\":\"ReadAction\",\"target\":[\"https:\\\/\\\/changelab-organisationsberatung.de\\\/organisationsentwicklung\\\/\"]}]},{\"@type\":\"ImageObject\",\"inLanguage\":\"en-US\",\"@id\":\"https:\\\/\\\/changelab-organisationsberatung.de\\\/organisationsentwicklung\\\/#primaryimage\",\"url\":\"https:\\\/\\\/changelab-organisationsberatung.de\\\/wp-content\\\/uploads\\\/2025\\\/11\\\/Organisationsentwicklung-1024x635.png\",\"contentUrl\":\"https:\\\/\\\/changelab-organisationsberatung.de\\\/wp-content\\\/uploads\\\/2025\\\/11\\\/Organisationsentwicklung-1024x635.png\"},{\"@type\":\"BreadcrumbList\",\"@id\":\"https:\\\/\\\/changelab-organisationsberatung.de\\\/organisationsentwicklung\\\/#breadcrumb\",\"itemListElement\":[{\"@type\":\"ListItem\",\"position\":1,\"name\":\"Startseite\",\"item\":\"https:\\\/\\\/changelab-organisationsberatung.de\\\/\"},{\"@type\":\"ListItem\",\"position\":2,\"name\":\"Organisationsentwicklung\"}]},{\"@type\":\"WebSite\",\"@id\":\"https:\\\/\\\/changelab-organisationsberatung.de\\\/#website\",\"url\":\"https:\\\/\\\/changelab-organisationsberatung.de\\\/\",\"name\":\"ChangeLab\",\"description\":\"Organisationen zukunftsf\u00e4hig gestalten\",\"publisher\":{\"@id\":\"https:\\\/\\\/changelab-organisationsberatung.de\\\/#organization\"},\"potentialAction\":[{\"@type\":\"SearchAction\",\"target\":{\"@type\":\"EntryPoint\",\"urlTemplate\":\"https:\\\/\\\/changelab-organisationsberatung.de\\\/?s={search_term_string}\"},\"query-input\":{\"@type\":\"PropertyValueSpecification\",\"valueRequired\":true,\"valueName\":\"search_term_string\"}}],\"inLanguage\":\"en-US\"},{\"@type\":\"Organization\",\"@id\":\"https:\\\/\\\/changelab-organisationsberatung.de\\\/#organization\",\"name\":\"ChangeLab Organisationsberatung Arlena Jung\",\"url\":\"https:\\\/\\\/changelab-organisationsberatung.de\\\/\",\"logo\":{\"@type\":\"ImageObject\",\"inLanguage\":\"en-US\",\"@id\":\"https:\\\/\\\/changelab-organisationsberatung.de\\\/#\\\/schema\\\/logo\\\/image\\\/\",\"url\":\"https:\\\/\\\/changelab-organisationsberatung.de\\\/wp-content\\\/uploads\\\/2021\\\/09\\\/Changelab_organisationberatung_logo.png\",\"contentUrl\":\"https:\\\/\\\/changelab-organisationsberatung.de\\\/wp-content\\\/uploads\\\/2021\\\/09\\\/Changelab_organisationberatung_logo.png\",\"width\":3443,\"height\":1526,\"caption\":\"ChangeLab Organisationsberatung Arlena Jung\"},\"image\":{\"@id\":\"https:\\\/\\\/changelab-organisationsberatung.de\\\/#\\\/schema\\\/logo\\\/image\\\/\"},\"sameAs\":[\"https:\\\/\\\/de.linkedin.com\\\/in\\\/dr-arlena-jung-b7805681\"]}]}<\/script>\n<!-- \/ Yoast SEO plugin. -->","yoast_head_json":{"title":"Organisationsentwicklung - ChangeLab","description":"Systemische Organisationsentwicklung bedeutet einen optimalen Fit zwischen Strategie, Strukturen und Praktiken institutionell verankern.","robots":{"index":"index","follow":"follow","max-snippet":"max-snippet:-1","max-image-preview":"max-image-preview:large","max-video-preview":"max-video-preview:-1"},"canonical":"https:\/\/changelab-organisationsberatung.de\/en\/organisationsentwicklung\/","og_locale":"en_US","og_type":"article","og_title":"Organisationsentwicklung - ChangeLab","og_description":"Systemische Organisationsentwicklung bedeutet einen optimalen Fit zwischen Strategie, Strukturen und Praktiken institutionell verankern.","og_url":"https:\/\/changelab-organisationsberatung.de\/en\/organisationsentwicklung\/","og_site_name":"ChangeLab","article_modified_time":"2025-11-23T08:16:50+00:00","og_image":[{"width":1090,"height":676,"url":"https:\/\/changelab-organisationsberatung.de\/wp-content\/uploads\/2025\/11\/Organisationsentwicklung.png","type":"image\/png"}],"twitter_card":"summary_large_image","twitter_misc":{"Est. reading time":"9 minutes"},"schema":{"@context":"https:\/\/schema.org","@graph":[{"@type":"WebPage","@id":"https:\/\/changelab-organisationsberatung.de\/organisationsentwicklung\/","url":"https:\/\/changelab-organisationsberatung.de\/organisationsentwicklung\/","name":"Organisationsentwicklung - ChangeLab","isPartOf":{"@id":"https:\/\/changelab-organisationsberatung.de\/#website"},"primaryImageOfPage":{"@id":"https:\/\/changelab-organisationsberatung.de\/organisationsentwicklung\/#primaryimage"},"image":{"@id":"https:\/\/changelab-organisationsberatung.de\/organisationsentwicklung\/#primaryimage"},"thumbnailUrl":"https:\/\/changelab-organisationsberatung.de\/wp-content\/uploads\/2025\/11\/Organisationsentwicklung-1024x635.png","datePublished":"2020-08-13T11:20:47+00:00","dateModified":"2025-11-23T08:16:50+00:00","description":"Systemische Organisationsentwicklung bedeutet einen optimalen Fit zwischen Strategie, Strukturen und Praktiken institutionell verankern.","breadcrumb":{"@id":"https:\/\/changelab-organisationsberatung.de\/organisationsentwicklung\/#breadcrumb"},"inLanguage":"en-US","potentialAction":[{"@type":"ReadAction","target":["https:\/\/changelab-organisationsberatung.de\/organisationsentwicklung\/"]}]},{"@type":"ImageObject","inLanguage":"en-US","@id":"https:\/\/changelab-organisationsberatung.de\/organisationsentwicklung\/#primaryimage","url":"https:\/\/changelab-organisationsberatung.de\/wp-content\/uploads\/2025\/11\/Organisationsentwicklung-1024x635.png","contentUrl":"https:\/\/changelab-organisationsberatung.de\/wp-content\/uploads\/2025\/11\/Organisationsentwicklung-1024x635.png"},{"@type":"BreadcrumbList","@id":"https:\/\/changelab-organisationsberatung.de\/organisationsentwicklung\/#breadcrumb","itemListElement":[{"@type":"ListItem","position":1,"name":"Startseite","item":"https:\/\/changelab-organisationsberatung.de\/"},{"@type":"ListItem","position":2,"name":"Organisationsentwicklung"}]},{"@type":"WebSite","@id":"https:\/\/changelab-organisationsberatung.de\/#website","url":"https:\/\/changelab-organisationsberatung.de\/","name":"ChangeLab","description":"Designing resilient and adaptive organisations","publisher":{"@id":"https:\/\/changelab-organisationsberatung.de\/#organization"},"potentialAction":[{"@type":"SearchAction","target":{"@type":"EntryPoint","urlTemplate":"https:\/\/changelab-organisationsberatung.de\/?s={search_term_string}"},"query-input":{"@type":"PropertyValueSpecification","valueRequired":true,"valueName":"search_term_string"}}],"inLanguage":"en-US"},{"@type":"Organization","@id":"https:\/\/changelab-organisationsberatung.de\/#organization","name":"ChangeLab Organisationsberatung Arlena Jung","url":"https:\/\/changelab-organisationsberatung.de\/","logo":{"@type":"ImageObject","inLanguage":"en-US","@id":"https:\/\/changelab-organisationsberatung.de\/#\/schema\/logo\/image\/","url":"https:\/\/changelab-organisationsberatung.de\/wp-content\/uploads\/2021\/09\/Changelab_organisationberatung_logo.png","contentUrl":"https:\/\/changelab-organisationsberatung.de\/wp-content\/uploads\/2021\/09\/Changelab_organisationberatung_logo.png","width":3443,"height":1526,"caption":"ChangeLab Organisationsberatung Arlena Jung"},"image":{"@id":"https:\/\/changelab-organisationsberatung.de\/#\/schema\/logo\/image\/"},"sameAs":["https:\/\/de.linkedin.com\/in\/dr-arlena-jung-b7805681"]}]}},"_links":{"self":[{"href":"https:\/\/changelab-organisationsberatung.de\/en\/wp-json\/wp\/v2\/pages\/3297","targetHints":{"allow":["GET"]}}],"collection":[{"href":"https:\/\/changelab-organisationsberatung.de\/en\/wp-json\/wp\/v2\/pages"}],"about":[{"href":"https:\/\/changelab-organisationsberatung.de\/en\/wp-json\/wp\/v2\/types\/page"}],"author":[{"embeddable":true,"href":"https:\/\/changelab-organisationsberatung.de\/en\/wp-json\/wp\/v2\/users\/1"}],"replies":[{"embeddable":true,"href":"https:\/\/changelab-organisationsberatung.de\/en\/wp-json\/wp\/v2\/comments?post=3297"}],"version-history":[{"count":3,"href":"https:\/\/changelab-organisationsberatung.de\/en\/wp-json\/wp\/v2\/pages\/3297\/revisions"}],"predecessor-version":[{"id":20297,"href":"https:\/\/changelab-organisationsberatung.de\/en\/wp-json\/wp\/v2\/pages\/3297\/revisions\/20297"}],"wp:attachment":[{"href":"https:\/\/changelab-organisationsberatung.de\/en\/wp-json\/wp\/v2\/media?parent=3297"}],"curies":[{"name":"wp","href":"https:\/\/api.w.org\/{rel}","templated":true}]}}